{"id":1332,"date":"2023-10-20T22:46:49","date_gmt":"2023-10-21T01:46:49","guid":{"rendered":"https:\/\/walkyriato.com.br\/novo\/?page_id=1332"},"modified":"2025-11-01T17:31:20","modified_gmt":"2025-11-01T20:31:20","slug":"blog-da-to","status":"publish","type":"page","link":"https:\/\/walkyriato.com.br\/novo\/blog-da-to\/","title":{"rendered":"Blog da TO"},"content":{"rendered":"<style>.elementor-1332 .elementor-element.elementor-element-fb36d60{--display:flex;--min-height:500px;--flex-direction:column;--container-widget-width:calc( ( 1 - var( --container-widget-flex-grow ) ) * 100% );--container-widget-height:initial;--container-widget-flex-grow:0;--container-widget-align-self:initial;--flex-wrap-mobile:wrap;--justify-content:center;--align-items:stretch;--gap:10px 10px;--row-gap:10px;--column-gap:10px;--overlay-opacity:0.04;border-style:solid;--border-style:solid;border-width:1px 0px 0px 0px;--border-top-width:1px;--border-right-width:0px;--border-bottom-width:0px;--border-left-width:0px;border-color:var( --e-global-color-secondary );--border-color:var( --e-global-color-secondary );--padding-top:90px;--padding-bottom:90px;--padding-left:0px;--padding-right:0px;}.elementor-1332 .elementor-element.elementor-element-fb36d60:not(.elementor-motion-effects-element-type-background), .elementor-1332 .elementor-element.elementor-element-fb36d60 > .elementor-motion-effects-container > .elementor-motion-effects-layer{background-color:var( --e-global-color-primary );}.elementor-1332 .elementor-element.elementor-element-fb36d60::before, .elementor-1332 .elementor-element.elementor-element-fb36d60 > .elementor-background-video-container::before, .elementor-1332 .elementor-element.elementor-element-fb36d60 > .e-con-inner > .elementor-background-video-container::before, .elementor-1332 .elementor-element.elementor-element-fb36d60 > .elementor-background-slideshow::before, .elementor-1332 .elementor-element.elementor-element-fb36d60 > .e-con-inner > .elementor-background-slideshow::before, .elementor-1332 .elementor-element.elementor-element-fb36d60 > .elementor-motion-effects-container > .elementor-motion-effects-layer::before{--background-overlay:'';background-color:#C5BE2E;background-image:url(\"https:\/\/walkyriato.com.br\/novo\/wp-content\/uploads\/2025\/03\/WAL-TO-Terapia-Ocupacional-e-Demencias_-Estrategias-de-Manutencao-da-Funcionalidade.webp\");background-position:top center;background-size:cover;}.elementor-1332 .elementor-element.elementor-element-88412e1{text-align:start;}.elementor-1332 .elementor-element.elementor-element-88412e1 .elementor-heading-title{font-family:\"Inter\", Sans-serif;font-weight:800;color:var( --e-global-color-secondary );}.elementor-1332 .elementor-element.elementor-element-88412e1 > .elementor-widget-container{margin:0px 0px 0px 100px;}.elementor-1332 .elementor-element.elementor-element-e2beac2{text-align:start;}.elementor-1332 .elementor-element.elementor-element-e2beac2 .elementor-heading-title{font-family:\"Inter\", Sans-serif;font-weight:500;color:var( --e-global-color-secondary );}.elementor-1332 .elementor-element.elementor-element-e2beac2 > .elementor-widget-container{margin:0px 0px 0px 100px;}.elementor-1332 .elementor-element.elementor-element-e6408ec{--display:flex;--flex-direction:row;--container-widget-width:calc( ( 1 - var( --container-widget-flex-grow ) ) * 100% );--container-widget-height:100%;--container-widget-flex-grow:1;--container-widget-align-self:stretch;--flex-wrap-mobile:wrap;--align-items:stretch;--gap:10px 10px;--row-gap:10px;--column-gap:10px;--padding-top:90px;--padding-bottom:90px;--padding-left:0px;--padding-right:0px;}.elementor-1332 .elementor-element.elementor-element-fb46c2b .elementor-posts-container .elementor-post__thumbnail{padding-bottom:calc( 0.66 * 100% );}.elementor-1332 .elementor-element.elementor-element-fb46c2b:after{content:\"0.66\";}.elementor-1332 .elementor-element.elementor-element-fb46c2b .elementor-post__thumbnail__link{width:100%;}.elementor-1332 .elementor-element.elementor-element-fb46c2b .elementor-post__meta-data span + span:before{content:\"\/\/\/\";}.elementor-1332 .elementor-element.elementor-element-fb46c2b{--grid-column-gap:30px;--grid-row-gap:35px;}.elementor-1332 .elementor-element.elementor-element-fb46c2b .elementor-post__thumbnail{border-radius:30px 30px 30px 0px;}.elementor-1332 .elementor-element.elementor-element-fb46c2b.elementor-posts--thumbnail-left .elementor-post__thumbnail__link{margin-right:20px;}.elementor-1332 .elementor-element.elementor-element-fb46c2b.elementor-posts--thumbnail-right .elementor-post__thumbnail__link{margin-left:20px;}.elementor-1332 .elementor-element.elementor-element-fb46c2b.elementor-posts--thumbnail-top .elementor-post__thumbnail__link{margin-bottom:20px;}.elementor-1332 .elementor-element.elementor-element-fb46c2b .elementor-post__title, .elementor-1332 .elementor-element.elementor-element-fb46c2b .elementor-post__title a{color:var( --e-global-color-primary );}.elementor-1332 .elementor-element.elementor-element-fb46c2b .elementor-post__meta-data{color:var( --e-global-color-3dd1793 );}.elementor-1332 .elementor-element.elementor-element-fb46c2b .elementor-post__read-more{color:var( --e-global-color-primary );}.elementor-1332 .elementor-element.elementor-element-fb46c2b .elementor-pagination{text-align:center;margin-top:50px;}body:not(.rtl) .elementor-1332 .elementor-element.elementor-element-fb46c2b .elementor-pagination .page-numbers:not(:first-child){margin-left:calc( 20px\/2 );}body:not(.rtl) .elementor-1332 .elementor-element.elementor-element-fb46c2b .elementor-pagination .page-numbers:not(:last-child){margin-right:calc( 20px\/2 );}body.rtl .elementor-1332 .elementor-element.elementor-element-fb46c2b .elementor-pagination .page-numbers:not(:first-child){margin-right:calc( 20px\/2 );}body.rtl .elementor-1332 .elementor-element.elementor-element-fb46c2b .elementor-pagination .page-numbers:not(:last-child){margin-left:calc( 20px\/2 );}@media(max-width:1024px){.elementor-1332 .elementor-element.elementor-element-fb36d60{--min-height:400px;}.elementor-1332 .elementor-element.elementor-element-e6408ec{--padding-top:60px;--padding-bottom:60px;--padding-left:15px;--padding-right:15px;}}@media(max-width:767px){.elementor-1332 .elementor-element.elementor-element-fb36d60{--min-height:300px;--justify-content:center;--align-items:center;--container-widget-width:calc( ( 1 - var( --container-widget-flex-grow ) ) * 100% );--gap:20px 20px;--row-gap:20px;--column-gap:20px;--padding-top:0px;--padding-bottom:0px;--padding-left:15px;--padding-right:15px;}.elementor-1332 .elementor-element.elementor-element-88412e1{text-align:center;}.elementor-1332 .elementor-element.elementor-element-88412e1 .elementor-heading-title{font-size:32px;}.elementor-1332 .elementor-element.elementor-element-88412e1 > .elementor-widget-container{margin:0px 0px 0px 0px;}.elementor-1332 .elementor-element.elementor-element-e2beac2{text-align:center;}.elementor-1332 .elementor-element.elementor-element-e2beac2 .elementor-heading-title{font-size:18px;}.elementor-1332 .elementor-element.elementor-element-e2beac2 > .elementor-widget-container{margin:0px 0px 0px 0px;}.elementor-1332 .elementor-element.elementor-element-e6408ec{--padding-top:40px;--padding-bottom:40px;--padding-left:15px;--padding-right:15px;}.elementor-1332 .elementor-element.elementor-element-fb46c2b .elementor-posts-container .elementor-post__thumbnail{padding-bottom:calc( 0.5 * 100% );}.elementor-1332 .elementor-element.elementor-element-fb46c2b:after{content:\"0.5\";}.elementor-1332 .elementor-element.elementor-element-fb46c2b .elementor-post__thumbnail__link{width:100%;}}<\/style>\t\t<div data-elementor-type=\"wp-page\" data-elementor-id=\"1332\" class=\"elementor elementor-1332\" data-elementor-settings=\"{&quot;ha_cmc_init_switcher&quot;:&quot;no&quot;}\" data-elementor-post-type=\"page\">\n\t\t\t\t<div class=\"elementor-element elementor-element-fb36d60 e-flex e-con-boxed e-con e-parent\" data-id=\"fb36d60\" data-element_type=\"container\" data-e-type=\"container\" data-settings=\"{&quot;background_background&quot;:&quot;classic&quot;,&quot;_ha_eqh_enable&quot;:false}\">\n\t\t\t\t\t<div class=\"e-con-inner\">\n\t\t\t\t<div class=\"elementor-element elementor-element-88412e1 elementor-invisible elementor-widget elementor-widget-heading\" data-id=\"88412e1\" data-element_type=\"widget\" data-e-type=\"widget\" data-settings=\"{&quot;_animation&quot;:&quot;fadeInUp&quot;}\" data-widget_type=\"heading.default\">\n\t\t\t\t<div class=\"elementor-widget-container\">\n\t\t\t\t\t<h1 class=\"elementor-heading-title elementor-size-default\">Blog da TO<\/h1>\t\t\t\t<\/div>\n\t\t\t\t<\/div>\n\t\t\t\t<div class=\"elementor-element elementor-element-e2beac2 elementor-invisible elementor-widget elementor-widget-heading\" data-id=\"e2beac2\" data-element_type=\"widget\" data-e-type=\"widget\" data-settings=\"{&quot;_animation&quot;:&quot;fadeInUp&quot;,&quot;ha_floating_fx&quot;:&quot;yes&quot;}\" data-widget_type=\"heading.default\">\n\t\t\t\t<div class=\"elementor-widget-container\">\n\t\t\t\t\t<h5 class=\"elementor-heading-title elementor-size-default\">Aqui voc\u00ea sabe tudo sobre a Terapia Ocupacional<\/h5>\t\t\t\t<\/div>\n\t\t\t\t<\/div>\n\t\t\t\t\t<\/div>\n\t\t\t\t<\/div>\n\t\t<div class=\"elementor-element elementor-element-e6408ec e-flex e-con-boxed e-con e-parent\" data-id=\"e6408ec\" data-element_type=\"container\" data-e-type=\"container\" data-settings=\"{&quot;background_background&quot;:&quot;slideshow&quot;,&quot;background_slideshow_gallery&quot;:[],&quot;background_slideshow_loop&quot;:&quot;yes&quot;,&quot;background_slideshow_slide_duration&quot;:5000,&quot;background_slideshow_slide_transition&quot;:&quot;fade&quot;,&quot;background_slideshow_transition_duration&quot;:500,&quot;_ha_eqh_enable&quot;:false}\">\n\t\t\t\t\t<div class=\"e-con-inner\">\n\t\t\t\t<div class=\"elementor-element elementor-element-fb46c2b elementor-posts--align-left elementor-grid-3 elementor-grid-tablet-2 elementor-grid-mobile-1 elementor-posts--thumbnail-top elementor-invisible elementor-widget elementor-widget-posts\" data-id=\"fb46c2b\" data-element_type=\"widget\" data-e-type=\"widget\" data-settings=\"{&quot;_animation&quot;:&quot;fadeInUp&quot;,&quot;pagination_type&quot;:&quot;numbers_and_prev_next&quot;,&quot;classic_columns&quot;:&quot;3&quot;,&quot;classic_columns_tablet&quot;:&quot;2&quot;,&quot;classic_columns_mobile&quot;:&quot;1&quot;,&quot;classic_row_gap&quot;:{&quot;unit&quot;:&quot;px&quot;,&quot;size&quot;:35,&quot;sizes&quot;:[]},&quot;classic_row_gap_tablet&quot;:{&quot;unit&quot;:&quot;px&quot;,&quot;size&quot;:&quot;&quot;,&quot;sizes&quot;:[]},&quot;classic_row_gap_mobile&quot;:{&quot;unit&quot;:&quot;px&quot;,&quot;size&quot;:&quot;&quot;,&quot;sizes&quot;:[]}}\" data-widget_type=\"posts.classic\">\n\t\t\t\t<div class=\"elementor-widget-container\">\n\t\t\t\t\t\t\t<div class=\"elementor-posts-container elementor-posts elementor-posts--skin-classic elementor-grid\" role=\"list\">\n\t\t\t\t<article class=\"elementor-post elementor-grid-item post-1630 post type-post status-publish format-standard has-post-thumbnail hentry category-idosos\" role=\"listitem\">\n\t\t\t\t<a class=\"elementor-post__thumbnail__link\" href=\"https:\/\/walkyriato.com.br\/novo\/cuidadores-de-idosos-orientacoes-essenciais-para-prevenir-sobrecarga-fisica-e-emocional\/\" tabindex=\"-1\" >\n\t\t\t<div class=\"elementor-post__thumbnail\"><img fetchpriority=\"high\" decoding=\"async\" width=\"300\" height=\"200\" src=\"https:\/\/walkyriato.com.br\/novo\/wp-content\/uploads\/2026\/02\/Cuidadores-de-idosos_-orientacoes-essenciais-para-prevenir-sobrecarga-fisica-e-emocional-300x200.webp\" class=\"attachment-medium size-medium wp-image-1665\" alt=\"\" srcset=\"https:\/\/walkyriato.com.br\/novo\/wp-content\/uploads\/2026\/02\/Cuidadores-de-idosos_-orientacoes-essenciais-para-prevenir-sobrecarga-fisica-e-emocional-300x200.webp 300w, https:\/\/walkyriato.com.br\/novo\/wp-content\/uploads\/2026\/02\/Cuidadores-de-idosos_-orientacoes-essenciais-para-prevenir-sobrecarga-fisica-e-emocional-768x512.webp 768w, https:\/\/walkyriato.com.br\/novo\/wp-content\/uploads\/2026\/02\/Cuidadores-de-idosos_-orientacoes-essenciais-para-prevenir-sobrecarga-fisica-e-emocional.webp 900w\" sizes=\"(max-width: 300px) 100vw, 300px\" \/><\/div>\n\t\t<\/a>\n\t\t\t\t<div class=\"elementor-post__text\">\n\t\t\t\t<h3 class=\"elementor-post__title\">\n\t\t\t<a href=\"https:\/\/walkyriato.com.br\/novo\/cuidadores-de-idosos-orientacoes-essenciais-para-prevenir-sobrecarga-fisica-e-emocional\/\" >\n\t\t\t\tCuidadores de idosos: orienta\u00e7\u00f5es essenciais para prevenir sobrecarga f\u00edsica e emocional\t\t\t<\/a>\n\t\t<\/h3>\n\t\t\t\t<div class=\"elementor-post__meta-data\">\n\t\t\t\t\t<span class=\"elementor-post-date\">\n\t\t\t11 de fevereiro de 2026\t\t<\/span>\n\t\t\t\t<\/div>\n\t\t\n\t\t<a class=\"elementor-post__read-more\" href=\"https:\/\/walkyriato.com.br\/novo\/cuidadores-de-idosos-orientacoes-essenciais-para-prevenir-sobrecarga-fisica-e-emocional\/\" aria-label=\"Read more about Cuidadores de idosos: orienta\u00e7\u00f5es essenciais para prevenir sobrecarga f\u00edsica e emocional\" tabindex=\"-1\" >\n\t\t\tLeia Mais \u00bb\t\t<\/a>\n\n\t\t\t\t<\/div>\n\t\t\t\t<\/article>\n\t\t\t\t<article class=\"elementor-post elementor-grid-item post-1632 post type-post status-publish format-standard has-post-thumbnail hentry category-terapia-ocupacional\" role=\"listitem\">\n\t\t\t\t<a class=\"elementor-post__thumbnail__link\" href=\"https:\/\/walkyriato.com.br\/novo\/o-papel-da-terapia-ocupacional-na-promocao-do-envelhecimento-ativo\/\" tabindex=\"-1\" >\n\t\t\t<div class=\"elementor-post__thumbnail\"><img decoding=\"async\" width=\"300\" height=\"200\" src=\"https:\/\/walkyriato.com.br\/novo\/wp-content\/uploads\/2026\/01\/O-papel-da-Terapia-Ocupacional-na-promocao-do-envelhecimento-ativo-300x200.webp\" class=\"attachment-medium size-medium wp-image-1664\" alt=\"\" srcset=\"https:\/\/walkyriato.com.br\/novo\/wp-content\/uploads\/2026\/01\/O-papel-da-Terapia-Ocupacional-na-promocao-do-envelhecimento-ativo-300x200.webp 300w, https:\/\/walkyriato.com.br\/novo\/wp-content\/uploads\/2026\/01\/O-papel-da-Terapia-Ocupacional-na-promocao-do-envelhecimento-ativo-768x512.webp 768w, https:\/\/walkyriato.com.br\/novo\/wp-content\/uploads\/2026\/01\/O-papel-da-Terapia-Ocupacional-na-promocao-do-envelhecimento-ativo.webp 900w\" sizes=\"(max-width: 300px) 100vw, 300px\" \/><\/div>\n\t\t<\/a>\n\t\t\t\t<div class=\"elementor-post__text\">\n\t\t\t\t<h3 class=\"elementor-post__title\">\n\t\t\t<a href=\"https:\/\/walkyriato.com.br\/novo\/o-papel-da-terapia-ocupacional-na-promocao-do-envelhecimento-ativo\/\" >\n\t\t\t\tO papel da Terapia Ocupacional na promo\u00e7\u00e3o do envelhecimento ativo\t\t\t<\/a>\n\t\t<\/h3>\n\t\t\t\t<div class=\"elementor-post__meta-data\">\n\t\t\t\t\t<span class=\"elementor-post-date\">\n\t\t\t11 de janeiro de 2026\t\t<\/span>\n\t\t\t\t<\/div>\n\t\t\n\t\t<a class=\"elementor-post__read-more\" href=\"https:\/\/walkyriato.com.br\/novo\/o-papel-da-terapia-ocupacional-na-promocao-do-envelhecimento-ativo\/\" aria-label=\"Read more about O papel da Terapia Ocupacional na promo\u00e7\u00e3o do envelhecimento ativo\" tabindex=\"-1\" >\n\t\t\tLeia Mais \u00bb\t\t<\/a>\n\n\t\t\t\t<\/div>\n\t\t\t\t<\/article>\n\t\t\t\t<article class=\"elementor-post elementor-grid-item post-1604 post type-post status-publish format-standard has-post-thumbnail hentry category-idosos\" role=\"listitem\">\n\t\t\t\t<a class=\"elementor-post__thumbnail__link\" href=\"https:\/\/walkyriato.com.br\/novo\/prevencao-de-quedas-e-adaptacao-do-ambiente-domiciliar-para-idosos\/\" tabindex=\"-1\" >\n\t\t\t<div class=\"elementor-post__thumbnail\"><img decoding=\"async\" width=\"300\" height=\"200\" src=\"https:\/\/walkyriato.com.br\/novo\/wp-content\/uploads\/2025\/09\/Selecionar-Prevencao-de-quedas-e-adaptacao-do-ambiente-domiciliar-para-idosos-300x200.webp\" class=\"attachment-medium size-medium wp-image-1606\" alt=\"\" srcset=\"https:\/\/walkyriato.com.br\/novo\/wp-content\/uploads\/2025\/09\/Selecionar-Prevencao-de-quedas-e-adaptacao-do-ambiente-domiciliar-para-idosos-300x200.webp 300w, https:\/\/walkyriato.com.br\/novo\/wp-content\/uploads\/2025\/09\/Selecionar-Prevencao-de-quedas-e-adaptacao-do-ambiente-domiciliar-para-idosos-768x512.webp 768w, https:\/\/walkyriato.com.br\/novo\/wp-content\/uploads\/2025\/09\/Selecionar-Prevencao-de-quedas-e-adaptacao-do-ambiente-domiciliar-para-idosos.webp 900w\" sizes=\"(max-width: 300px) 100vw, 300px\" \/><\/div>\n\t\t<\/a>\n\t\t\t\t<div class=\"elementor-post__text\">\n\t\t\t\t<h3 class=\"elementor-post__title\">\n\t\t\t<a href=\"https:\/\/walkyriato.com.br\/novo\/prevencao-de-quedas-e-adaptacao-do-ambiente-domiciliar-para-idosos\/\" >\n\t\t\t\tPreven\u00e7\u00e3o de quedas e adapta\u00e7\u00e3o do ambiente domiciliar para idosos\t\t\t<\/a>\n\t\t<\/h3>\n\t\t\t\t<div class=\"elementor-post__meta-data\">\n\t\t\t\t\t<span class=\"elementor-post-date\">\n\t\t\t12 de outubro de 2025\t\t<\/span>\n\t\t\t\t<\/div>\n\t\t\n\t\t<a class=\"elementor-post__read-more\" href=\"https:\/\/walkyriato.com.br\/novo\/prevencao-de-quedas-e-adaptacao-do-ambiente-domiciliar-para-idosos\/\" aria-label=\"Read more about Preven\u00e7\u00e3o de quedas e adapta\u00e7\u00e3o do ambiente domiciliar para idosos\" tabindex=\"-1\" >\n\t\t\tLeia Mais \u00bb\t\t<\/a>\n\n\t\t\t\t<\/div>\n\t\t\t\t<\/article>\n\t\t\t\t<article class=\"elementor-post elementor-grid-item post-1602 post type-post status-publish format-standard has-post-thumbnail hentry category-idosos\" role=\"listitem\">\n\t\t\t\t<a class=\"elementor-post__thumbnail__link\" href=\"https:\/\/walkyriato.com.br\/novo\/promocao-da-autonomia-e-independencia-em-idosos-2\/\" tabindex=\"-1\" >\n\t\t\t<div class=\"elementor-post__thumbnail\"><img loading=\"lazy\" decoding=\"async\" width=\"300\" height=\"200\" src=\"https:\/\/walkyriato.com.br\/novo\/wp-content\/uploads\/2025\/09\/Promocao-da-autonomia-e-independencia-em-idosos-300x200.webp\" class=\"attachment-medium size-medium wp-image-1607\" alt=\"\" srcset=\"https:\/\/walkyriato.com.br\/novo\/wp-content\/uploads\/2025\/09\/Promocao-da-autonomia-e-independencia-em-idosos-300x200.webp 300w, https:\/\/walkyriato.com.br\/novo\/wp-content\/uploads\/2025\/09\/Promocao-da-autonomia-e-independencia-em-idosos-768x512.webp 768w, https:\/\/walkyriato.com.br\/novo\/wp-content\/uploads\/2025\/09\/Promocao-da-autonomia-e-independencia-em-idosos.webp 900w\" sizes=\"(max-width: 300px) 100vw, 300px\" \/><\/div>\n\t\t<\/a>\n\t\t\t\t<div class=\"elementor-post__text\">\n\t\t\t\t<h3 class=\"elementor-post__title\">\n\t\t\t<a href=\"https:\/\/walkyriato.com.br\/novo\/promocao-da-autonomia-e-independencia-em-idosos-2\/\" >\n\t\t\t\tPromo\u00e7\u00e3o da autonomia e independ\u00eancia em idosos\t\t\t<\/a>\n\t\t<\/h3>\n\t\t\t\t<div class=\"elementor-post__meta-data\">\n\t\t\t\t\t<span class=\"elementor-post-date\">\n\t\t\t4 de setembro de 2025\t\t<\/span>\n\t\t\t\t<\/div>\n\t\t\n\t\t<a class=\"elementor-post__read-more\" href=\"https:\/\/walkyriato.com.br\/novo\/promocao-da-autonomia-e-independencia-em-idosos-2\/\" aria-label=\"Read more about Promo\u00e7\u00e3o da autonomia e independ\u00eancia em idosos\" tabindex=\"-1\" >\n\t\t\tLeia Mais \u00bb\t\t<\/a>\n\n\t\t\t\t<\/div>\n\t\t\t\t<\/article>\n\t\t\t\t<article class=\"elementor-post elementor-grid-item post-1500 post type-post status-publish format-standard has-post-thumbnail hentry category-idosos\" role=\"listitem\">\n\t\t\t\t<a class=\"elementor-post__thumbnail__link\" href=\"https:\/\/walkyriato.com.br\/novo\/promocao-da-autonomia-e-independencia-em-idosos\/\" tabindex=\"-1\" >\n\t\t\t<div class=\"elementor-post__thumbnail\"><img loading=\"lazy\" decoding=\"async\" width=\"300\" height=\"200\" src=\"https:\/\/walkyriato.com.br\/novo\/wp-content\/uploads\/2025\/08\/Promocao-da-autonomia-e-independencia-em-idosos-300x200.webp\" class=\"attachment-medium size-medium wp-image-1502\" alt=\"\" srcset=\"https:\/\/walkyriato.com.br\/novo\/wp-content\/uploads\/2025\/08\/Promocao-da-autonomia-e-independencia-em-idosos-300x200.webp 300w, https:\/\/walkyriato.com.br\/novo\/wp-content\/uploads\/2025\/08\/Promocao-da-autonomia-e-independencia-em-idosos-768x512.webp 768w, https:\/\/walkyriato.com.br\/novo\/wp-content\/uploads\/2025\/08\/Promocao-da-autonomia-e-independencia-em-idosos.webp 900w\" sizes=\"(max-width: 300px) 100vw, 300px\" \/><\/div>\n\t\t<\/a>\n\t\t\t\t<div class=\"elementor-post__text\">\n\t\t\t\t<h3 class=\"elementor-post__title\">\n\t\t\t<a href=\"https:\/\/walkyriato.com.br\/novo\/promocao-da-autonomia-e-independencia-em-idosos\/\" >\n\t\t\t\tPromo\u00e7\u00e3o da autonomia e independ\u00eancia em idosos\t\t\t<\/a>\n\t\t<\/h3>\n\t\t\t\t<div class=\"elementor-post__meta-data\">\n\t\t\t\t\t<span class=\"elementor-post-date\">\n\t\t\t27 de agosto de 2025\t\t<\/span>\n\t\t\t\t<\/div>\n\t\t\n\t\t<a class=\"elementor-post__read-more\" href=\"https:\/\/walkyriato.com.br\/novo\/promocao-da-autonomia-e-independencia-em-idosos\/\" aria-label=\"Read more about Promo\u00e7\u00e3o da autonomia e independ\u00eancia em idosos\" tabindex=\"-1\" >\n\t\t\tLeia Mais \u00bb\t\t<\/a>\n\n\t\t\t\t<\/div>\n\t\t\t\t<\/article>\n\t\t\t\t<article class=\"elementor-post elementor-grid-item post-1494 post type-post status-publish format-standard has-post-thumbnail hentry category-terapia-ocupacional\" role=\"listitem\">\n\t\t\t\t<a class=\"elementor-post__thumbnail__link\" href=\"https:\/\/walkyriato.com.br\/novo\/o-papel-da-ocupacao-no-manejo-do-estresse-e-ansiedade\/\" tabindex=\"-1\" >\n\t\t\t<div class=\"elementor-post__thumbnail\"><img loading=\"lazy\" decoding=\"async\" width=\"300\" height=\"200\" src=\"https:\/\/walkyriato.com.br\/novo\/wp-content\/uploads\/2025\/07\/Estresse-Ansiedade-300x200.webp\" class=\"attachment-medium size-medium wp-image-1497\" alt=\"\" srcset=\"https:\/\/walkyriato.com.br\/novo\/wp-content\/uploads\/2025\/07\/Estresse-Ansiedade-300x200.webp 300w, https:\/\/walkyriato.com.br\/novo\/wp-content\/uploads\/2025\/07\/Estresse-Ansiedade-768x512.webp 768w, https:\/\/walkyriato.com.br\/novo\/wp-content\/uploads\/2025\/07\/Estresse-Ansiedade.webp 900w\" sizes=\"(max-width: 300px) 100vw, 300px\" \/><\/div>\n\t\t<\/a>\n\t\t\t\t<div class=\"elementor-post__text\">\n\t\t\t\t<h3 class=\"elementor-post__title\">\n\t\t\t<a href=\"https:\/\/walkyriato.com.br\/novo\/o-papel-da-ocupacao-no-manejo-do-estresse-e-ansiedade\/\" >\n\t\t\t\tO papel da ocupa\u00e7\u00e3o no manejo do estresse e ansiedade\t\t\t<\/a>\n\t\t<\/h3>\n\t\t\t\t<div class=\"elementor-post__meta-data\">\n\t\t\t\t\t<span class=\"elementor-post-date\">\n\t\t\t14 de julho de 2025\t\t<\/span>\n\t\t\t\t<\/div>\n\t\t\n\t\t<a class=\"elementor-post__read-more\" href=\"https:\/\/walkyriato.com.br\/novo\/o-papel-da-ocupacao-no-manejo-do-estresse-e-ansiedade\/\" aria-label=\"Read more about O papel da ocupa\u00e7\u00e3o no manejo do estresse e ansiedade\" tabindex=\"-1\" >\n\t\t\tLeia Mais \u00bb\t\t<\/a>\n\n\t\t\t\t<\/div>\n\t\t\t\t<\/article>\n\t\t\t\t<article class=\"elementor-post elementor-grid-item post-1492 post type-post status-publish format-standard has-post-thumbnail hentry category-terapia-ocupacional\" role=\"listitem\">\n\t\t\t\t<a class=\"elementor-post__thumbnail__link\" href=\"https:\/\/walkyriato.com.br\/novo\/o-papel-do-terapeuta-ocupacional-em-unidades-de-terapia-intensiva\/\" tabindex=\"-1\" >\n\t\t\t<div class=\"elementor-post__thumbnail\"><img loading=\"lazy\" decoding=\"async\" width=\"300\" height=\"200\" src=\"https:\/\/walkyriato.com.br\/novo\/wp-content\/uploads\/2025\/07\/Terapeuta-ocupacional-300x200.webp\" class=\"attachment-medium size-medium wp-image-1496\" alt=\"\" srcset=\"https:\/\/walkyriato.com.br\/novo\/wp-content\/uploads\/2025\/07\/Terapeuta-ocupacional-300x200.webp 300w, https:\/\/walkyriato.com.br\/novo\/wp-content\/uploads\/2025\/07\/Terapeuta-ocupacional-768x512.webp 768w, https:\/\/walkyriato.com.br\/novo\/wp-content\/uploads\/2025\/07\/Terapeuta-ocupacional.webp 900w\" sizes=\"(max-width: 300px) 100vw, 300px\" \/><\/div>\n\t\t<\/a>\n\t\t\t\t<div class=\"elementor-post__text\">\n\t\t\t\t<h3 class=\"elementor-post__title\">\n\t\t\t<a href=\"https:\/\/walkyriato.com.br\/novo\/o-papel-do-terapeuta-ocupacional-em-unidades-de-terapia-intensiva\/\" >\n\t\t\t\tO papel do terapeuta ocupacional em unidades de terapia intensiva\t\t\t<\/a>\n\t\t<\/h3>\n\t\t\t\t<div class=\"elementor-post__meta-data\">\n\t\t\t\t\t<span class=\"elementor-post-date\">\n\t\t\t14 de junho de 2025\t\t<\/span>\n\t\t\t\t<\/div>\n\t\t\n\t\t<a class=\"elementor-post__read-more\" href=\"https:\/\/walkyriato.com.br\/novo\/o-papel-do-terapeuta-ocupacional-em-unidades-de-terapia-intensiva\/\" aria-label=\"Read more about O papel do terapeuta ocupacional em unidades de terapia intensiva\" tabindex=\"-1\" >\n\t\t\tLeia Mais \u00bb\t\t<\/a>\n\n\t\t\t\t<\/div>\n\t\t\t\t<\/article>\n\t\t\t\t<article class=\"elementor-post elementor-grid-item post-1487 post type-post status-publish format-standard has-post-thumbnail hentry category-terapia-ocupacional\" role=\"listitem\">\n\t\t\t\t<a class=\"elementor-post__thumbnail__link\" href=\"https:\/\/walkyriato.com.br\/novo\/intervencoes-de-terapia-ocupacional-em-cuidados-paliativos\/\" tabindex=\"-1\" >\n\t\t\t<div class=\"elementor-post__thumbnail\"><img loading=\"lazy\" decoding=\"async\" width=\"300\" height=\"200\" src=\"https:\/\/walkyriato.com.br\/novo\/wp-content\/uploads\/2025\/06\/Terapia-ocupacional-300x200.webp\" class=\"attachment-medium size-medium wp-image-1489\" alt=\"\" srcset=\"https:\/\/walkyriato.com.br\/novo\/wp-content\/uploads\/2025\/06\/Terapia-ocupacional-300x200.webp 300w, https:\/\/walkyriato.com.br\/novo\/wp-content\/uploads\/2025\/06\/Terapia-ocupacional-1024x682.webp 1024w, https:\/\/walkyriato.com.br\/novo\/wp-content\/uploads\/2025\/06\/Terapia-ocupacional-768x512.webp 768w, https:\/\/walkyriato.com.br\/novo\/wp-content\/uploads\/2025\/06\/Terapia-ocupacional-1536x1024.webp 1536w, https:\/\/walkyriato.com.br\/novo\/wp-content\/uploads\/2025\/06\/Terapia-ocupacional.webp 1580w\" sizes=\"(max-width: 300px) 100vw, 300px\" \/><\/div>\n\t\t<\/a>\n\t\t\t\t<div class=\"elementor-post__text\">\n\t\t\t\t<h3 class=\"elementor-post__title\">\n\t\t\t<a href=\"https:\/\/walkyriato.com.br\/novo\/intervencoes-de-terapia-ocupacional-em-cuidados-paliativos\/\" >\n\t\t\t\tInterven\u00e7\u00f5es de Terapia Ocupacional em Cuidados Paliativos\t\t\t<\/a>\n\t\t<\/h3>\n\t\t\t\t<div class=\"elementor-post__meta-data\">\n\t\t\t\t\t<span class=\"elementor-post-date\">\n\t\t\t18 de maio de 2025\t\t<\/span>\n\t\t\t\t<\/div>\n\t\t\n\t\t<a class=\"elementor-post__read-more\" href=\"https:\/\/walkyriato.com.br\/novo\/intervencoes-de-terapia-ocupacional-em-cuidados-paliativos\/\" aria-label=\"Read more about Interven\u00e7\u00f5es de Terapia Ocupacional em Cuidados Paliativos\" tabindex=\"-1\" >\n\t\t\tLeia Mais \u00bb\t\t<\/a>\n\n\t\t\t\t<\/div>\n\t\t\t\t<\/article>\n\t\t\t\t<article class=\"elementor-post elementor-grid-item post-1483 post type-post status-publish format-standard has-post-thumbnail hentry category-terapia-ocupacional\" role=\"listitem\">\n\t\t\t\t<a class=\"elementor-post__thumbnail__link\" href=\"https:\/\/walkyriato.com.br\/novo\/gestao-da-dor-e-bem-estar-estrategias-paliativas-para-melhorar-a-qualidade-de-vida\/\" tabindex=\"-1\" >\n\t\t\t<div class=\"elementor-post__thumbnail\"><img loading=\"lazy\" decoding=\"async\" width=\"300\" height=\"262\" src=\"https:\/\/walkyriato.com.br\/novo\/wp-content\/uploads\/2025\/04\/WAL-TO-300x262.webp\" class=\"attachment-medium size-medium wp-image-1484\" alt=\"\" srcset=\"https:\/\/walkyriato.com.br\/novo\/wp-content\/uploads\/2025\/04\/WAL-TO-300x262.webp 300w, https:\/\/walkyriato.com.br\/novo\/wp-content\/uploads\/2025\/04\/WAL-TO-1024x894.webp 1024w, https:\/\/walkyriato.com.br\/novo\/wp-content\/uploads\/2025\/04\/WAL-TO-768x671.webp 768w, https:\/\/walkyriato.com.br\/novo\/wp-content\/uploads\/2025\/04\/WAL-TO-1536x1342.webp 1536w, https:\/\/walkyriato.com.br\/novo\/wp-content\/uploads\/2025\/04\/WAL-TO.webp 2000w\" sizes=\"(max-width: 300px) 100vw, 300px\" \/><\/div>\n\t\t<\/a>\n\t\t\t\t<div class=\"elementor-post__text\">\n\t\t\t\t<h3 class=\"elementor-post__title\">\n\t\t\t<a href=\"https:\/\/walkyriato.com.br\/novo\/gestao-da-dor-e-bem-estar-estrategias-paliativas-para-melhorar-a-qualidade-de-vida\/\" >\n\t\t\t\tGest\u00e3o da Dor e Bem-Estar: Estrat\u00e9gias Paliativas para Melhorar a Qualidade de Vida\t\t\t<\/a>\n\t\t<\/h3>\n\t\t\t\t<div class=\"elementor-post__meta-data\">\n\t\t\t\t\t<span class=\"elementor-post-date\">\n\t\t\t16 de abril de 2025\t\t<\/span>\n\t\t\t\t<\/div>\n\t\t\n\t\t<a class=\"elementor-post__read-more\" href=\"https:\/\/walkyriato.com.br\/novo\/gestao-da-dor-e-bem-estar-estrategias-paliativas-para-melhorar-a-qualidade-de-vida\/\" aria-label=\"Read more about Gest\u00e3o da Dor e Bem-Estar: Estrat\u00e9gias Paliativas para Melhorar a Qualidade de Vida\" tabindex=\"-1\" >\n\t\t\tLeia Mais \u00bb\t\t<\/a>\n\n\t\t\t\t<\/div>\n\t\t\t\t<\/article>\n\t\t\t\t<\/div>\n\t\t\n\t\t\t\t<div class=\"e-load-more-anchor\" data-page=\"1\" data-max-page=\"11\" data-next-page=\"https:\/\/walkyriato.com.br\/novo\/wp-json\/wp\/v2\/pages\/1332\/page\/2\/\"><\/div>\n\t\t\t\t<nav class=\"elementor-pagination\" aria-label=\"Pagina\u00e7\u00e3o\">\n\t\t\t<span class=\"page-numbers prev\">&laquo; Anterior<\/span>\n<span aria-current=\"page\" class=\"page-numbers current\"><span class=\"elementor-screen-only\">P\u00e1gina<\/span>1<\/span>\n<a class=\"page-numbers\" href=\"https:\/\/walkyriato.com.br\/novo\/wp-json\/wp\/v2\/pages\/1332\/page\/2\/\"><span class=\"elementor-screen-only\">P\u00e1gina<\/span>2<\/a>\n<a class=\"page-numbers\" href=\"https:\/\/walkyriato.com.br\/novo\/wp-json\/wp\/v2\/pages\/1332\/page\/3\/\"><span class=\"elementor-screen-only\">P\u00e1gina<\/span>3<\/a>\n<a class=\"page-numbers\" href=\"https:\/\/walkyriato.com.br\/novo\/wp-json\/wp\/v2\/pages\/1332\/page\/4\/\"><span class=\"elementor-screen-only\">P\u00e1gina<\/span>4<\/a>\n<a class=\"page-numbers\" href=\"https:\/\/walkyriato.com.br\/novo\/wp-json\/wp\/v2\/pages\/1332\/page\/5\/\"><span class=\"elementor-screen-only\">P\u00e1gina<\/span>5<\/a>\n<a class=\"page-numbers\" href=\"https:\/\/walkyriato.com.br\/novo\/wp-json\/wp\/v2\/pages\/1332\/page\/6\/\"><span class=\"elementor-screen-only\">P\u00e1gina<\/span>6<\/a>\n<a class=\"page-numbers\" href=\"https:\/\/walkyriato.com.br\/novo\/wp-json\/wp\/v2\/pages\/1332\/page\/7\/\"><span class=\"elementor-screen-only\">P\u00e1gina<\/span>7<\/a>\n<a class=\"page-numbers\" href=\"https:\/\/walkyriato.com.br\/novo\/wp-json\/wp\/v2\/pages\/1332\/page\/8\/\"><span class=\"elementor-screen-only\">P\u00e1gina<\/span>8<\/a>\n<a class=\"page-numbers\" href=\"https:\/\/walkyriato.com.br\/novo\/wp-json\/wp\/v2\/pages\/1332\/page\/9\/\"><span class=\"elementor-screen-only\">P\u00e1gina<\/span>9<\/a>\n<a class=\"page-numbers\" href=\"https:\/\/walkyriato.com.br\/novo\/wp-json\/wp\/v2\/pages\/1332\/page\/10\/\"><span class=\"elementor-screen-only\">P\u00e1gina<\/span>10<\/a>\n<a class=\"page-numbers next\" href=\"https:\/\/walkyriato.com.br\/novo\/wp-json\/wp\/v2\/pages\/1332\/page\/2\/\">Pr\u00f3ximo &raquo;<\/a>\t\t<\/nav>\n\t\t\t\t\t\t<\/div>\n\t\t\t\t<\/div>\n\t\t\t\t\t<\/div>\n\t\t\t\t<\/div>\n\t\t\t\t<\/div>\n\t\t","protected":false},"excerpt":{"rendered":"<p>Blog da TO Aqui voc\u00ea sabe tudo sobre a Terapia Ocupacional<\/p>\n","protected":false},"author":1,"featured_media":0,"parent":0,"menu_order":0,"comment_status":"open","ping_status":"closed","template":"elementor_header_footer","meta":{"footnotes":""},"class_list":["post-1332","page","type-page","status-publish","hentry"],"_links":{"self":[{"href":"https:\/\/walkyriato.com.br\/novo\/wp-json\/wp\/v2\/pages\/1332","targetHints":{"allow":["GET"]}}],"collection":[{"href":"https:\/\/walkyriato.com.br\/novo\/wp-json\/wp\/v2\/pages"}],"about":[{"href":"https:\/\/walkyriato.com.br\/novo\/wp-json\/wp\/v2\/types\/page"}],"author":[{"embeddable":true,"href":"https:\/\/walkyriato.com.br\/novo\/wp-json\/wp\/v2\/users\/1"}],"replies":[{"embeddable":true,"href":"https:\/\/walkyriato.com.br\/novo\/wp-json\/wp\/v2\/comments?post=1332"}],"version-history":[{"count":51,"href":"https:\/\/walkyriato.com.br\/novo\/wp-json\/wp\/v2\/pages\/1332\/revisions"}],"predecessor-version":[{"id":1600,"href":"https:\/\/walkyriato.com.br\/novo\/wp-json\/wp\/v2\/pages\/1332\/revisions\/1600"}],"wp:attachment":[{"href":"https:\/\/walkyriato.com.br\/novo\/wp-json\/wp\/v2\/media?parent=1332"}],"curies":[{"name":"wp","href":"https:\/\/api.w.org\/{rel}","templated":true}]}}